{"id":18941,"date":"2024-11-14T11:36:35","date_gmt":"2024-11-14T10:36:35","guid":{"rendered":"https:\/\/staritrgobkolpi.splet.arnes.si\/?page_id=18941"},"modified":"2025-11-20T10:46:48","modified_gmt":"2025-11-20T09:46:48","slug":"sodelovanje-sole-z-okoljem","status":"publish","type":"page","link":"https:\/\/os-stari-trg-ok.si\/?page_id=18941","title":{"rendered":"Sodelovanje \u0161ole z okoljem"},"content":{"rendered":"<p>Tudi sodelovanje \u0161ole z okoljem je klju\u010dno za celostni razvoj u\u010dencev in izbolj\u0161anje kakovosti izobra\u017eevanja. Z aktivnim povezovanjem z lokalnimi podjetji, kulturnimi in \u0161portnimi organizacijami ter drugimi institucijami \u0161ola ustvarja \u0161ir\u0161o podporno mre\u017eo, ki u\u010dencem nudi dodatne prilo\u017enosti za u\u010denje in razvoj ve\u0161\u010din. Tako \u0161ola postane ne le izobra\u017eevalna ustanova, ampak tudi sredi\u0161\u010de skupnosti, kjer se povezujejo izobra\u017eevalni cilji s potrebami in vrednotami okolja. Tak\u0161no sodelovanje prispeva k ve\u010dji motivaciji u\u010dencev, izbolj\u0161anju njihove socializacije in omogo\u010da prakti\u010dno u\u010denje izven klasi\u010dnih u\u010dnih vsebin.<\/p>\n<p><strong>Sodelovali bomo z naslednjimi ustanovami, institucijami, podjetji in dru\u0161tvi:<\/strong><br \/>\n&#8211; z O\u0160 in VVE Bele krajine,<br \/>\n&#8211; s S\u0160 v regiji,<br \/>\n&#8211; z Ob\u010dinama \u010crnomelj in Ko\u010devje,<br \/>\n&#8211; z ZD \u010crnomelj \u2013 zdravstvena vzgoja,<br \/>\n&#8211; s Knji\u017enico \u010crnomelj \u2013 Pravlji\u010dni potujo\u010di kov\u010dek, Rastem s knjigo,<br \/>\n&#8211; z ZIK-om \u010crnomelj \u2013 Teden vse\u017eivljenjskega u\u010denja,<br \/>\n&#8211; z Upravo RS za za\u0161\u010dito in re\u0161evanje in PGD Stari trg \u2013 evakuacijska vaja,<br \/>\n&#8211; s KS Stari trg ob Kolpi,<br \/>\n&#8211; s KS Poljanska dolina,<br \/>\n&#8211; s \u0160D Kolpa \u2013 rekreativne dejavnosti,<br \/>\n&#8211; s Krajinskim parkom Kolpa,<br \/>\n&#8211; s Knji\u017enico Mirana Jarca Novo mesto (Potujo\u010da knji\u017enica),<br \/>\n&#8211; z RIC \u010crnomelj,<br \/>\n&#8211; s Policijsko postajo \u010crnomelj,<br \/>\n&#8211; s Podjetni\u0161kim inkubatorjem Bela krajina in Podbreznik Novo mesto,<br \/>\n&#8211; s Spirit Slovenija,<br \/>\n&#8211; z Ministrstvom za gospodarstvo, turizem in \u0161port,<br \/>\n&#8211; Zavodom RS za varstvo narave,<br \/>\n&#8211; z Ministrstvom za vzgojo in izobra\u017eevanje,<br \/>\n&#8211; z Zavodom za \u0161olstvo,<br \/>\n&#8211; z visoko\u0161olskimi zavodi,<br \/>\n&#8211; z lokalnimi podjetji,<br \/>\n&#8211; z osnovnimi \u0161olami in organizacijami iz tujine,<br \/>\n&#8211; NIJZ.<\/p>\n","protected":false},"excerpt":{"rendered":"<p>Tudi sodelovanje \u0161ole z okoljem je klju\u010dno za celostni razvoj u\u010dencev in izbolj\u0161anje kakovosti izobra\u017eevanja. Z aktivnim povezovanjem z lokalnimi podjetji, kulturnimi in \u0161portnimi organizacijami ter drugimi institucijami \u0161ola ustvarja [&hellip;]<\/p>\n","protected":false},"author":91022,"featured_media":0,"parent":0,"menu_order":0,"comment_status":"closed","ping_status":"closed","template":"","meta":{"ngg_post_thumbnail":0,"footnotes":""},"class_list":["post-18941","page","type-page","status-publish","hentry"],"_links":{"self":[{"href":"https:\/\/os-stari-trg-ok.si\/index.php?rest_route=\/wp\/v2\/pages\/18941","targetHints":{"allow":["GET"]}}],"collection":[{"href":"https:\/\/os-stari-trg-ok.si\/index.php?rest_route=\/wp\/v2\/pages"}],"about":[{"href":"https:\/\/os-stari-trg-ok.si\/index.php?rest_route=\/wp\/v2\/types\/page"}],"author":[{"embeddable":true,"href":"https:\/\/os-stari-trg-ok.si\/index.php?rest_route=\/wp\/v2\/users\/91022"}],"replies":[{"embeddable":true,"href":"https:\/\/os-stari-trg-ok.si\/index.php?rest_route=%2Fwp%2Fv2%2Fcomments&post=18941"}],"version-history":[{"count":3,"href":"https:\/\/os-stari-trg-ok.si\/index.php?rest_route=\/wp\/v2\/pages\/18941\/revisions"}],"predecessor-version":[{"id":21361,"href":"https:\/\/os-stari-trg-ok.si\/index.php?rest_route=\/wp\/v2\/pages\/18941\/revisions\/21361"}],"wp:attachment":[{"href":"https:\/\/os-stari-trg-ok.si\/index.php?rest_route=%2Fwp%2Fv2%2Fmedia&parent=18941"}],"curies":[{"name":"wp","href":"https:\/\/api.w.org\/{rel}","templated":true}]}}